{"id":32707,"date":"2021-08-15T13:41:46","date_gmt":"2021-08-15T17:41:46","guid":{"rendered":"https:\/\/diariosalud.com\/uncategorized\/actividades-del-sector-salud-para-esta-semana-16\/"},"modified":"2021-08-15T13:41:46","modified_gmt":"2021-08-15T17:41:46","slug":"actividades-del-sector-salud-para-esta-semana-16","status":"publish","type":"agenda","link":"https:\/\/ktechproduccion.net\/diariosalud.com\/agenda\/actividades-del-sector-salud-para-esta-semana-16\/","title":{"rendered":"Actividades del sector salud para esta semana"},"content":{"rendered":"\n<p>SANTO DOMINGO.- Varias sociedades m\u00e9dicas especializadas y entidades de salud han pautado actividades de actualizaci\u00f3n y educaci\u00f3n m\u00e9dica para esta semana.&nbsp;<\/p>\n\n\n\n<p>Aqu\u00ed les presentamos algunas de ellas.<\/p>\n\n\n\n<p>La <strong>Sociedad Dominicana de Obstetricia y Ginecolog\u00eda <\/strong>invita al webinar internacional con el tema \u201cBeneficios&nbsp; adicionales de los sistemas Intra Uterinos, m\u00e1s all\u00e1 de la anticoncepci\u00f3n\u201d con el doctor Jorge M\u00e9ndez, el mi\u00e9rcoles 18 de agosto a las 7:30 de la noche. Para m\u00e1s informaci\u00f3n comun\u00edquese al (809) 689-7672.<\/p>\n\n\n\n<p>La <strong>Asociaci\u00f3n Americana de Estudiantes de Medicina<\/strong> invita a participar en su webinar C\u00e1ncer de colon a cargo de la doctora Mildred Pichardo Jim\u00e9nez .<\/p>\n\n\n\n<p>La charla se realizar\u00e1 el pr\u00f3ximo mi\u00e9rcoles 18 de agosto a las 6:00 de la tarde, a trav\u00e9s de Google Meet. Los interesados en participar solo tienen que registrarse en la p\u00e1gina oficial de AMSA UNPHU Chapter. Ingrese haciendo clic <a href=\"https:\/\/allmylinks.com\/amsa-unphu-chapter\">aqu\u00ed.<\/a><\/p>\n\n\n\n<p>Con el objetivo de contribuir con un mejor manejo de la enfermedad de Alzheimer, la <strong>Asociaci\u00f3n Dominicana de Alzheimer y Similares<\/strong> (ADAS) y <strong>Alzheimer Ibero Am\u00e9rica<\/strong>&nbsp;realizar\u00e1n la conferencia \u201cDecisiones familiares dif\u00edciles ante el diagn\u00f3stico de Alzheimer incipiente \u00bfQu\u00e9 debemos hacer y conocer?\u201d, la cual contar\u00e1 con la participaci\u00f3n del doctor Dagoberto G\u00fc\u00edlamo, m\u00e9dico geriatra-internista.<\/p>\n\n\n\n<p>Este evento se realiza en conjunto con Doctores Mall\u00e9n Guerra, a trav\u00e9s de Laboratorios Baliarda, con sus marcas Neuroplus, Neuroplus Duo y Doneclar, y cuenta con la colaboraci\u00f3n de DiarioSalud.<\/p>\n\n\n\n<p>La actividad se realizar\u00e1 el jueves 19 de agosto, a las 7:00 de la noche. Para reservar su cupo acceda a <a href=\"http:\/\/www.diariosalud.do\/mallen\">www.diariosalud.do\/mallen<\/a>.\u00a0<\/p>\n\n\n\n<p>La <strong>Sociedad Dominicana de Medicina Familiar y Comunitaria<\/strong> (Sodomefyc) invita a su Jornada Pre-Congreso 2021, el s\u00e1bado 21 de agosto de 9:00 a 11:00 de la ma\u00f1ana.<\/p>\n\n\n\n<p>Los temas que se abordar\u00e1n son: Dolor agudo: Una visita inesperada y manejo de S\u00edndrome de Intestino Irritable en Atenci\u00f3n Primaria. Para inscribirse acceda <a href=\"https:\/\/us02web.zoom.us\/webinar\/register\/WN_j69sNBT2Rv2RT1zEVJco7g\">aqu\u00ed.<\/a><\/p>\n","protected":false},"featured_media":0,"template":"","meta":{"_acf_changed":false},"class_list":["post-32707","agenda","type-agenda","status-publish","hentry"],"acf":[],"_links":{"self":[{"href":"https:\/\/ktechproduccion.net\/diariosalud.com\/wp-json\/wp\/v2\/agenda\/32707","targetHints":{"allow":["GET"]}}],"collection":[{"href":"https:\/\/ktechproduccion.net\/diariosalud.com\/wp-json\/wp\/v2\/agenda"}],"about":[{"href":"https:\/\/ktechproduccion.net\/diariosalud.com\/wp-json\/wp\/v2\/types\/agenda"}],"wp:attachment":[{"href":"https:\/\/ktechproduccion.net\/diariosalud.com\/wp-json\/wp\/v2\/media?parent=32707"}],"curies":[{"name":"wp","href":"https:\/\/api.w.org\/{rel}","templated":true}]}}